{"id":1830,"date":"2022-09-16T09:35:30","date_gmt":"2022-09-16T07:35:30","guid":{"rendered":"https:\/\/kitchenfamilynice.com\/?page_id=1830"},"modified":"2025-06-11T09:53:08","modified_gmt":"2025-06-11T07:53:08","slug":"facades","status":"publish","type":"page","link":"https:\/\/kitchenfamilynice.com\/cuisine-sur-mesure\/facades\/","title":{"rendered":"Fa\u00e7ades de cuisine sur mesure \u00e0 Nice"},"content":{"rendered":"\t\t<div data-elementor-type=\"wp-page\" data-elementor-id=\"1830\" class=\"elementor elementor-1830\" data-elementor-settings=\"[]\">\n\t\t\t\t\t\t<div class=\"elementor-inner\">\n\t\t\t\t\t\t\t<div class=\"elementor-section-wrap\">\n\t\t\t\t\t\t\t<section class=\"elementor-section elementor-top-section elementor-element elementor-element-2e0e62fa elementor-section-full_width elementor-section-height-min-height elementor-section-stretched elementor-section-height-default elementor-section-items-middle\" data-id=\"2e0e62fa\" data-element_type=\"section\" data-settings=\"{&quot;stretch_section&quot;:&quot;section-stretched&quot;,&quot;background_background&quot;:&quot;classic&quot;}\">\n\t\t\t\t\t\t\t<div class=\"elementor-background-overlay\"><\/div>\n\t\t\t\t\t\t\t<div class=\"elementor-container elementor-column-gap-no\">\n\t\t\t\t\t\t\t<div class=\"elementor-row\">\n\t\t\t\t\t<div class=\"elementor-column elementor-col-100 elementor-top-column elementor-element elementor-element-27ebfbfa animated-slow elementor-invisible\" data-id=\"27ebfbfa\" data-element_type=\"column\" data-settings=\"{&quot;animation&quot;:&quot;zoomIn&quot;}\">\n\t\t\t<div class=\"elementor-column-wrap elementor-element-populated\">\n\t\t\t\t\t\t\t<div class=\"elementor-widget-wrap\">\n\t\t\t\t\t\t\t\t<\/div>\n\t\t\t\t\t<\/div>\n\t\t<\/div>\n\t\t\t\t\t\t\t\t<\/div>\n\t\t\t\t\t<\/div>\n\t\t<\/section>\n\t\t\t\t<section class=\"elementor-section elementor-top-section elementor-element elementor-element-5b0757ab elementor-section-content-middle elementor-section-stretched elementor-section-boxed elementor-section-height-default elementor-section-height-default\" data-id=\"5b0757ab\" data-element_type=\"section\" data-settings=\"{&quot;stretch_section&quot;:&quot;section-stretched&quot;}\">\n\t\t\t\t\t\t<div class=\"elementor-container elementor-column-gap-default\">\n\t\t\t\t\t\t\t<div class=\"elementor-row\">\n\t\t\t\t\t<div class=\"elementor-column elementor-col-100 elementor-top-column elementor-element elementor-element-68d0e783\" data-id=\"68d0e783\" data-element_type=\"column\">\n\t\t\t<div class=\"elementor-column-wrap elementor-element-populated\">\n\t\t\t\t\t\t\t<div class=\"elementor-widget-wrap\">\n\t\t\t\t\t\t<div class=\"elementor-element elementor-element-59d36015 elementor-widget elementor-widget-menu-anchor\" data-id=\"59d36015\" data-element_type=\"widget\" data-widget_type=\"menu-anchor.default\">\n\t\t\t\t<div class=\"elementor-widget-container\">\n\t\t\t\t\t<div id=\"ctn\" class=\"elementor-menu-anchor\"><\/div>\n\t\t\t\t<\/div>\n\t\t\t\t<\/div>\n\t\t\t\t<div class=\"elementor-element elementor-element-2b230df6 elementor-invisible elementor-widget elementor-widget-heading\" data-id=\"2b230df6\" data-element_type=\"widget\" data-settings=\"{&quot;_animation&quot;:&quot;fadeInDown&quot;}\" data-widget_type=\"heading.default\">\n\t\t\t\t<div class=\"elementor-widget-container\">\n\t\t\t<h2 class=\"elementor-heading-title elementor-size-default\">Kitchen Family Nice, votre sp\u00e9cialiste de la pose de fa\u00e7ades de cuisine \u00e0 Nice<\/h2>\t\t<\/div>\n\t\t\t\t<\/div>\n\t\t\t\t<div class=\"elementor-element elementor-element-777af8a0 elementor-invisible elementor-widget elementor-widget-text-editor\" data-id=\"777af8a0\" data-element_type=\"widget\" id=\"txt\" data-settings=\"{&quot;_animation&quot;:&quot;fadeInUp&quot;}\" data-widget_type=\"text-editor.default\">\n\t\t\t\t<div class=\"elementor-widget-container\">\n\t\t\t\t\t\t\t\t<div class=\"elementor-text-editor elementor-clearfix\">\n\t\t\t\t<p>Envie de changer l\u2019ambiance de votre cuisine ? Vous souhaitez confier la <strong>pose des fa\u00e7ades de votre cuisine<\/strong> \u00e0 un sp\u00e9cialiste du domaine ? Kitchen Family, votre <b><a title=\"Votre magasin de cuisine situ\u00e9 \u00e0 Nice\" href=\"\/a-propos\/\">cuisiniste \u00e0 Nice<\/a><\/b>\u00a0vous propose un large choix de fa\u00e7ades de cuisine, afin de correspondre au mieux \u00e0 vos envies, \u00e0 votre go\u00fbt, \u00e0 votre d\u00e9coration d\u2019int\u00e9rieur, ainsi qu\u2019\u00e0 votre budget<\/p>\t\t\t\t\t<\/div>\n\t\t\t\t\t\t<\/div>\n\t\t\t\t<\/div>\n\t\t\t\t\t\t<\/div>\n\t\t\t\t\t<\/div>\n\t\t<\/div>\n\t\t\t\t\t\t\t\t<\/div>\n\t\t\t\t\t<\/div>\n\t\t<\/section>\n\t\t\t\t<section class=\"elementor-section elementor-top-section elementor-element elementor-element-24361204 elementor-section-content-middle elementor-section-stretched elementor-section-boxed elementor-section-height-default elementor-section-height-default\" data-id=\"24361204\" data-element_type=\"section\" data-settings=\"{&quot;stretch_section&quot;:&quot;section-stretched&quot;}\">\n\t\t\t\t\t\t<div class=\"elementor-container elementor-column-gap-default\">\n\t\t\t\t\t\t\t<div class=\"elementor-row\">\n\t\t\t\t\t<div class=\"elementor-column elementor-col-50 elementor-top-column elementor-element elementor-element-778a0140\" data-id=\"778a0140\" data-element_type=\"column\">\n\t\t\t<div class=\"elementor-column-wrap elementor-element-populated\">\n\t\t\t\t\t\t\t<div class=\"elementor-widget-wrap\">\n\t\t\t\t\t\t<div class=\"elementor-element elementor-element-8283190 elementor-widget elementor-widget-image\" data-id=\"8283190\" data-element_type=\"widget\" data-widget_type=\"image.default\">\n\t\t\t\t<div class=\"elementor-widget-container\">\n\t\t\t\t\t\t\t\t<div class=\"elementor-image\">\n\t\t\t\t\t\t\t\t\t\t\t\t<img width=\"750\" height=\"563\" src=\"https:\/\/kitchenfamilynice.com\/wp-content\/uploads\/2024\/11\/1e34df45-c051-46b7-8e9e-051d05a46800-1024x768.jpg\" class=\"attachment-large size-large\" alt=\"Pose d&#039;une cuisine sur-mesure \u00e0 Drap\" srcset=\"https:\/\/kitchenfamilynice.com\/wp-content\/uploads\/2024\/11\/1e34df45-c051-46b7-8e9e-051d05a46800-1024x768.jpg 1024w, https:\/\/kitchenfamilynice.com\/wp-content\/uploads\/2024\/11\/1e34df45-c051-46b7-8e9e-051d05a46800-300x225.jpg 300w, https:\/\/kitchenfamilynice.com\/wp-content\/uploads\/2024\/11\/1e34df45-c051-46b7-8e9e-051d05a46800-768x576.jpg 768w, https:\/\/kitchenfamilynice.com\/wp-content\/uploads\/2024\/11\/1e34df45-c051-46b7-8e9e-051d05a46800-1536x1152.jpg 1536w, https:\/\/kitchenfamilynice.com\/wp-content\/uploads\/2024\/11\/1e34df45-c051-46b7-8e9e-051d05a46800-1320x990.jpg 1320w, https:\/\/kitchenfamilynice.com\/wp-content\/uploads\/2024\/11\/1e34df45-c051-46b7-8e9e-051d05a46800-600x450.jpg 600w, https:\/\/kitchenfamilynice.com\/wp-content\/uploads\/2024\/11\/1e34df45-c051-46b7-8e9e-051d05a46800.jpg 1600w\" sizes=\"(max-width: 750px) 100vw, 750px\" \/>\t\t\t\t\t\t\t\t\t\t\t\t\t\t<\/div>\n\t\t\t\t\t\t<\/div>\n\t\t\t\t<\/div>\n\t\t\t\t\t\t<\/div>\n\t\t\t\t\t<\/div>\n\t\t<\/div>\n\t\t\t\t<div class=\"elementor-column elementor-col-50 elementor-top-column elementor-element elementor-element-48aa6ab8\" data-id=\"48aa6ab8\" data-element_type=\"column\">\n\t\t\t<div class=\"elementor-column-wrap elementor-element-populated\">\n\t\t\t\t\t\t\t<div class=\"elementor-widget-wrap\">\n\t\t\t\t\t\t<div class=\"elementor-element elementor-element-290a7544 elementor-invisible elementor-widget elementor-widget-heading\" data-id=\"290a7544\" data-element_type=\"widget\" data-settings=\"{&quot;_animation&quot;:&quot;fadeInDown&quot;}\" data-widget_type=\"heading.default\">\n\t\t\t\t<div class=\"elementor-widget-container\">\n\t\t\t<h3 class=\"elementor-heading-title elementor-size-default\">D\u00e9couvrez nos fa\u00e7ades sur mesure<\/h3>\t\t<\/div>\n\t\t\t\t<\/div>\n\t\t\t\t<div class=\"elementor-element elementor-element-4ac407c0 elementor-invisible elementor-widget elementor-widget-text-editor\" data-id=\"4ac407c0\" data-element_type=\"widget\" data-settings=\"{&quot;_animation&quot;:&quot;fadeInUp&quot;}\" data-widget_type=\"text-editor.default\">\n\t\t\t\t<div class=\"elementor-widget-container\">\n\t\t\t\t\t\t\t\t<div class=\"elementor-text-editor elementor-clearfix\">\n\t\t\t\t<p data-start=\"0\" data-end=\"448\"><span data-start=\"0\" data-end=\"23\">Chez Kitchen Family Nice<\/span>, nous vous proposons des <strong data-start=\"49\" data-end=\"82\">fa\u00e7ades de cuisine sur mesure<\/strong> pour sublimer votre espace. Nous mettons \u00e0 votre disposition un large choix de coloris : unis, effet bois ou imitation pierre, afin de r\u00e9pondre \u00e0 toutes vos envies.\u00a0<\/p><p data-start=\"0\" data-end=\"448\">Venez d\u00e9couvrir notre gamme compl\u00e8te d\u2019\u00e9chantillons de <strong data-start=\"303\" data-end=\"332\">fa\u00e7ade cuisine sur mesure<\/strong> en stratifi\u00e9, o\u00f9 style et performance se combinent pour cr\u00e9er des cuisines \u00e0 la fois fonctionnelles et esth\u00e9tiques.<\/p><p><span style=\"font-size: inherit;\">Pour les budgets plus serr\u00e9s, il est tout \u00e0 fait possible de <\/span><strong data-start=\"511\" data-end=\"577\" style=\"font-size: inherit;\">changer uniquement les fa\u00e7ades, les charni\u00e8res et les poign\u00e9es<\/strong><span style=\"font-size: inherit;\">, afin de donner un coup de neuf \u00e0 votre cuisine sans engager de travaux trop lourds.<\/span><\/p>\t\t\t\t\t<\/div>\n\t\t\t\t\t\t<\/div>\n\t\t\t\t<\/div>\n\t\t\t\t\t\t<\/div>\n\t\t\t\t\t<\/div>\n\t\t<\/div>\n\t\t\t\t\t\t\t\t<\/div>\n\t\t\t\t\t<\/div>\n\t\t<\/section>\n\t\t\t\t<section class=\"elementor-section elementor-top-section elementor-element elementor-element-7d635af2 elementor-section-content-middle elementor-section-stretched elementor-section-boxed elementor-section-height-default elementor-section-height-default\" data-id=\"7d635af2\" data-element_type=\"section\" id=\"dressings\" data-settings=\"{&quot;stretch_section&quot;:&quot;section-stretched&quot;}\">\n\t\t\t\t\t\t<div class=\"elementor-container elementor-column-gap-default\">\n\t\t\t\t\t\t\t<div class=\"elementor-row\">\n\t\t\t\t\t<div class=\"elementor-column elementor-col-33 elementor-top-column elementor-element elementor-element-7b95c32f\" data-id=\"7b95c32f\" data-element_type=\"column\">\n\t\t\t<div class=\"elementor-column-wrap elementor-element-populated\">\n\t\t\t\t\t\t\t<div class=\"elementor-widget-wrap\">\n\t\t\t\t\t\t<div class=\"elementor-element elementor-element-608259a6 elementor-invisible elementor-widget elementor-widget-image\" data-id=\"608259a6\" data-element_type=\"widget\" data-settings=\"{&quot;_animation&quot;:&quot;zoomIn&quot;}\" data-widget_type=\"image.default\">\n\t\t\t\t<div class=\"elementor-widget-container\">\n\t\t\t\t\t\t\t\t<div class=\"elementor-image\">\n\t\t\t\t\t\t\t\t\t\t\t\t<img width=\"500\" height=\"500\" src=\"https:\/\/kitchenfamilynice.com\/wp-content\/uploads\/2025\/06\/specialiste-de-cuisine-sur-mesure-dans-les-alpes-maritimes.jpg\" class=\"attachment-large size-large\" alt=\"Votre artisan cuisiniste dans les Alpes-Maritimes\" srcset=\"https:\/\/kitchenfamilynice.com\/wp-content\/uploads\/2025\/06\/specialiste-de-cuisine-sur-mesure-dans-les-alpes-maritimes.jpg 500w, https:\/\/kitchenfamilynice.com\/wp-content\/uploads\/2025\/06\/specialiste-de-cuisine-sur-mesure-dans-les-alpes-maritimes-300x300.jpg 300w, https:\/\/kitchenfamilynice.com\/wp-content\/uploads\/2025\/06\/specialiste-de-cuisine-sur-mesure-dans-les-alpes-maritimes-150x150.jpg 150w, https:\/\/kitchenfamilynice.com\/wp-content\/uploads\/2025\/06\/specialiste-de-cuisine-sur-mesure-dans-les-alpes-maritimes-160x160.jpg 160w\" sizes=\"(max-width: 500px) 100vw, 500px\" \/>\t\t\t\t\t\t\t\t\t\t\t\t\t\t<\/div>\n\t\t\t\t\t\t<\/div>\n\t\t\t\t<\/div>\n\t\t\t\t\t\t<\/div>\n\t\t\t\t\t<\/div>\n\t\t<\/div>\n\t\t\t\t<div class=\"elementor-column elementor-col-33 elementor-top-column elementor-element elementor-element-1d3c5d4d\" data-id=\"1d3c5d4d\" data-element_type=\"column\">\n\t\t\t<div class=\"elementor-column-wrap elementor-element-populated\">\n\t\t\t\t\t\t\t<div class=\"elementor-widget-wrap\">\n\t\t\t\t\t\t<div class=\"elementor-element elementor-element-2b8d6091 elementor-invisible elementor-widget elementor-widget-heading\" data-id=\"2b8d6091\" data-element_type=\"widget\" data-settings=\"{&quot;_animation&quot;:&quot;fadeInDown&quot;}\" data-widget_type=\"heading.default\">\n\t\t\t\t<div class=\"elementor-widget-container\">\n\t\t\t<h3 class=\"elementor-heading-title elementor-size-default\">Les Coloris Compact<\/h3>\t\t<\/div>\n\t\t\t\t<\/div>\n\t\t\t\t<div class=\"elementor-element elementor-element-5c0d45e8 elementor-invisible elementor-widget elementor-widget-text-editor\" data-id=\"5c0d45e8\" data-element_type=\"widget\" data-settings=\"{&quot;_animation&quot;:&quot;fadeInUp&quot;}\" data-widget_type=\"text-editor.default\">\n\t\t\t\t<div class=\"elementor-widget-container\">\n\t\t\t\t\t\t\t\t<div class=\"elementor-text-editor elementor-clearfix\">\n\t\t\t\t<p data-start=\"0\" data-end=\"188\">Plongez dans notre <strong data-start=\"19\" data-end=\"61\">gamme de fa\u00e7ades de cuisine sur mesure<\/strong> en <strong data-start=\"65\" data-end=\"76\">Compact<\/strong>, une solution polyvalente et durable, id\u00e9ale pour r\u00e9pondre \u00e0 tous vos besoins en design et en fonctionnalit\u00e9.<\/p><p data-start=\"190\" data-end=\"458\" data-is-last-node=\"\"><strong data-start=\"190\" data-end=\"207\">Imputrescible<\/strong> et <strong data-start=\"211\" data-end=\"232\">r\u00e9sistant \u00e0 l\u2019eau<\/strong>, le Compact s\u2019utilise souvent pour des <strong data-start=\"272\" data-end=\"292\">plans de travail<\/strong> de faible \u00e9paisseur (10 mm ou 20 mm). Il peut aussi servir \u00e0 r\u00e9aliser des <strong data-start=\"367\" data-end=\"377\">portes<\/strong>, afin de composer une <strong data-start=\"400\" data-end=\"411\">cuisine<\/strong> harmonieuse et moderne dans une m\u00eame finition.<\/p>\t\t\t\t\t<\/div>\n\t\t\t\t\t\t<\/div>\n\t\t\t\t<\/div>\n\t\t\t\t\t\t<\/div>\n\t\t\t\t\t<\/div>\n\t\t<\/div>\n\t\t\t\t<div class=\"elementor-column elementor-col-33 elementor-top-column elementor-element elementor-element-2e3bafd7\" data-id=\"2e3bafd7\" data-element_type=\"column\">\n\t\t\t<div class=\"elementor-column-wrap elementor-element-populated\">\n\t\t\t\t\t\t\t<div class=\"elementor-widget-wrap\">\n\t\t\t\t\t\t<div class=\"elementor-element elementor-element-7faf79ea elementor-hidden-mobile elementor-invisible elementor-widget elementor-widget-image\" data-id=\"7faf79ea\" data-element_type=\"widget\" data-settings=\"{&quot;_animation&quot;:&quot;zoomIn&quot;}\" data-widget_type=\"image.default\">\n\t\t\t\t<div class=\"elementor-widget-container\">\n\t\t\t\t\t\t\t\t<div class=\"elementor-image\">\n\t\t\t\t\t\t\t\t\t\t\t\t<img src=\"https:\/\/kitchenfamilynice.com\/wp-content\/uploads\/elementor\/thumbs\/differents-types-de-coloris-kitchen-family-nice-r744xrl4z5126b88feu1o91kv95qntdm7rky4btb48.jpg\" title=\"differents-types-de-coloris-kitchen-family-nice\" alt=\"Les diff\u00e9rentes coloris de Kitchen Family Nice\" \/>\t\t\t\t\t\t\t\t\t\t\t\t\t\t<\/div>\n\t\t\t\t\t\t<\/div>\n\t\t\t\t<\/div>\n\t\t\t\t\t\t<\/div>\n\t\t\t\t\t<\/div>\n\t\t<\/div>\n\t\t\t\t\t\t\t\t<\/div>\n\t\t\t\t\t<\/div>\n\t\t<\/section>\n\t\t\t\t<section class=\"elementor-section elementor-top-section elementor-element elementor-element-43098e95 elementor-section-content-middle elementor-section-stretched elementor-section-boxed elementor-section-height-default elementor-section-height-default\" data-id=\"43098e95\" data-element_type=\"section\" data-settings=\"{&quot;stretch_section&quot;:&quot;section-stretched&quot;}\">\n\t\t\t\t\t\t<div class=\"elementor-container elementor-column-gap-default\">\n\t\t\t\t\t\t\t<div class=\"elementor-row\">\n\t\t\t\t\t<div class=\"elementor-column elementor-col-100 elementor-top-column elementor-element elementor-element-5987933f\" data-id=\"5987933f\" data-element_type=\"column\">\n\t\t\t<div class=\"elementor-column-wrap elementor-element-populated\">\n\t\t\t\t\t\t\t<div class=\"elementor-widget-wrap\">\n\t\t\t\t\t\t<div class=\"elementor-element elementor-element-418b2096 elementor-widget-divider--view-line elementor-invisible elementor-widget elementor-widget-divider\" data-id=\"418b2096\" data-element_type=\"widget\" data-settings=\"{&quot;_animation&quot;:&quot;fadeInLeft&quot;}\" data-widget_type=\"divider.default\">\n\t\t\t\t<div class=\"elementor-widget-container\">\n\t\t\t\t\t<div class=\"elementor-divider\">\n\t\t\t<span class=\"elementor-divider-separator\">\n\t\t\t\t\t\t<\/span>\n\t\t<\/div>\n\t\t\t\t<\/div>\n\t\t\t\t<\/div>\n\t\t\t\t<div class=\"elementor-element elementor-element-6acf1909 elementor-invisible elementor-widget elementor-widget-text-editor\" data-id=\"6acf1909\" data-element_type=\"widget\" id=\"txt\" data-settings=\"{&quot;_animation&quot;:&quot;fadeInUp&quot;}\" data-widget_type=\"text-editor.default\">\n\t\t\t\t<div class=\"elementor-widget-container\">\n\t\t\t\t\t\t\t\t<div class=\"elementor-text-editor elementor-clearfix\">\n\t\t\t\t<p>Pour plus d\u2019informations sur les fa\u00e7ades de cuisine propos\u00e9es par votre magasin ou pour prendre un rendez-vous, n\u2019h\u00e9sitez pas \u00e0 <span style=\"font-weight: normal;\"><a href=\"\/contactez-nous\/#ctn\">contacter Kitchen Family Nice<\/a> <\/span>en appelant le <a href=\"tel:0628250659\"><strong>04.97.14.83.95<\/strong><\/a><\/p>\t\t\t\t\t<\/div>\n\t\t\t\t\t\t<\/div>\n\t\t\t\t<\/div>\n\t\t\t\t<div class=\"elementor-element elementor-element-3d1f4c77 elementor-widget-divider--view-line elementor-invisible elementor-widget elementor-widget-divider\" data-id=\"3d1f4c77\" data-element_type=\"widget\" data-settings=\"{&quot;_animation&quot;:&quot;fadeInRight&quot;}\" data-widget_type=\"divider.default\">\n\t\t\t\t<div class=\"elementor-widget-container\">\n\t\t\t\t\t<div class=\"elementor-divider\">\n\t\t\t<span class=\"elementor-divider-separator\">\n\t\t\t\t\t\t<\/span>\n\t\t<\/div>\n\t\t\t\t<\/div>\n\t\t\t\t<\/div>\n\t\t\t\t\t\t<\/div>\n\t\t\t\t\t<\/div>\n\t\t<\/div>\n\t\t\t\t\t\t\t\t<\/div>\n\t\t\t\t\t<\/div>\n\t\t<\/section>\n\t\t\t\t\t\t<\/div>\n\t\t\t\t\t\t<\/div>\n\t\t\t\t\t<\/div>\n\t\t","protected":false},"excerpt":{"rendered":"<p>Kitchen Family Nice, votre sp\u00e9cialiste de la pose de fa\u00e7ades de cuisine \u00e0 Nice Envie de changer l\u2019ambiance de votre cuisine ? Vous souhaitez confier la pose des fa\u00e7ades de votre cuisine \u00e0 un sp\u00e9cialiste du domaine ? Kitchen Family, votre cuisiniste \u00e0 Nice\u00a0vous propose un large choix de fa\u00e7ades [&hellip;]<\/p>\n","protected":false},"author":27,"featured_media":0,"parent":1619,"menu_order":0,"comment_status":"closed","ping_status":"closed","template":"","meta":[],"acf":[],"aioseo_notices":[],"_links":{"self":[{"href":"https:\/\/kitchenfamilynice.com\/nov-apijson\/wp\/v2\/pages\/1830"}],"collection":[{"href":"https:\/\/kitchenfamilynice.com\/nov-apijson\/wp\/v2\/pages"}],"about":[{"href":"https:\/\/kitchenfamilynice.com\/nov-apijson\/wp\/v2\/types\/page"}],"author":[{"embeddable":true,"href":"https:\/\/kitchenfamilynice.com\/nov-apijson\/wp\/v2\/users\/27"}],"replies":[{"embeddable":true,"href":"https:\/\/kitchenfamilynice.com\/nov-apijson\/wp\/v2\/comments?post=1830"}],"version-history":[{"count":148,"href":"https:\/\/kitchenfamilynice.com\/nov-apijson\/wp\/v2\/pages\/1830\/revisions"}],"predecessor-version":[{"id":3657,"href":"https:\/\/kitchenfamilynice.com\/nov-apijson\/wp\/v2\/pages\/1830\/revisions\/3657"}],"up":[{"embeddable":true,"href":"https:\/\/kitchenfamilynice.com\/nov-apijson\/wp\/v2\/pages\/1619"}],"wp:attachment":[{"href":"https:\/\/kitchenfamilynice.com\/nov-apijson\/wp\/v2\/media?parent=1830"}],"curies":[{"name":"wp","href":"https:\/\/api.w.org\/{rel}","templated":true}]}}