{"id":1627,"date":"2022-09-15T12:12:37","date_gmt":"2022-09-15T10:12:37","guid":{"rendered":"https:\/\/kitchenfamilynice.com\/?page_id=1627"},"modified":"2025-06-11T13:43:47","modified_gmt":"2025-06-11T11:43:47","slug":"a-propos","status":"publish","type":"page","link":"https:\/\/kitchenfamilynice.com\/a-propos\/","title":{"rendered":"Le cuisiniste sur mesure \u00e0 Nice"},"content":{"rendered":"\t\t<div data-elementor-type=\"wp-page\" data-elementor-id=\"1627\" class=\"elementor elementor-1627\" data-elementor-settings=\"[]\">\n\t\t\t\t\t\t<div class=\"elementor-inner\">\n\t\t\t\t\t\t\t<div class=\"elementor-section-wrap\">\n\t\t\t\t\t\t\t<section class=\"elementor-section elementor-top-section elementor-element elementor-element-6d72ca0f elementor-section-full_width elementor-section-height-min-height elementor-section-stretched elementor-section-height-default elementor-section-items-middle\" data-id=\"6d72ca0f\" data-element_type=\"section\" data-settings=\"{&quot;stretch_section&quot;:&quot;section-stretched&quot;,&quot;background_background&quot;:&quot;classic&quot;}\">\n\t\t\t\t\t\t\t<div class=\"elementor-background-overlay\"><\/div>\n\t\t\t\t\t\t\t<div class=\"elementor-container elementor-column-gap-no\">\n\t\t\t\t\t\t\t<div class=\"elementor-row\">\n\t\t\t\t\t<div class=\"elementor-column elementor-col-100 elementor-top-column elementor-element elementor-element-1ba50a1b animated-slow elementor-invisible\" data-id=\"1ba50a1b\" data-element_type=\"column\" data-settings=\"{&quot;animation&quot;:&quot;zoomIn&quot;}\">\n\t\t\t<div class=\"elementor-column-wrap elementor-element-populated\">\n\t\t\t\t\t\t\t<div class=\"elementor-widget-wrap\">\n\t\t\t\t\t\t\t\t<\/div>\n\t\t\t\t\t<\/div>\n\t\t<\/div>\n\t\t\t\t\t\t\t\t<\/div>\n\t\t\t\t\t<\/div>\n\t\t<\/section>\n\t\t\t\t<section class=\"elementor-section elementor-top-section elementor-element elementor-element-381d10fb elementor-section-content-middle elementor-section-stretched elementor-section-boxed elementor-section-height-default elementor-section-height-default\" data-id=\"381d10fb\" data-element_type=\"section\" data-settings=\"{&quot;stretch_section&quot;:&quot;section-stretched&quot;}\">\n\t\t\t\t\t\t<div class=\"elementor-container elementor-column-gap-default\">\n\t\t\t\t\t\t\t<div class=\"elementor-row\">\n\t\t\t\t\t<div class=\"elementor-column elementor-col-100 elementor-top-column elementor-element elementor-element-8a854a8\" data-id=\"8a854a8\" data-element_type=\"column\">\n\t\t\t<div class=\"elementor-column-wrap elementor-element-populated\">\n\t\t\t\t\t\t\t<div class=\"elementor-widget-wrap\">\n\t\t\t\t\t\t<div class=\"elementor-element elementor-element-eb4374b elementor-widget elementor-widget-menu-anchor\" data-id=\"eb4374b\" data-element_type=\"widget\" data-widget_type=\"menu-anchor.default\">\n\t\t\t\t<div class=\"elementor-widget-container\">\n\t\t\t\t\t<div id=\"ctn\" class=\"elementor-menu-anchor\"><\/div>\n\t\t\t\t<\/div>\n\t\t\t\t<\/div>\n\t\t\t\t<div class=\"elementor-element elementor-element-510517cc elementor-invisible elementor-widget elementor-widget-heading\" data-id=\"510517cc\" data-element_type=\"widget\" data-settings=\"{&quot;_animation&quot;:&quot;fadeInDown&quot;}\" data-widget_type=\"heading.default\">\n\t\t\t\t<div class=\"elementor-widget-container\">\n\t\t\t<h2 class=\"elementor-heading-title elementor-size-default\">Kitchen Family Nice : une entreprise familiale conceptrice de cuisines \u00e0 Nice<\/h2>\t\t<\/div>\n\t\t\t\t<\/div>\n\t\t\t\t<div class=\"elementor-element elementor-element-1160c092 elementor-invisible elementor-widget elementor-widget-text-editor\" data-id=\"1160c092\" data-element_type=\"widget\" id=\"txt\" data-settings=\"{&quot;_animation&quot;:&quot;fadeInUp&quot;}\" data-widget_type=\"text-editor.default\">\n\t\t\t\t<div class=\"elementor-widget-container\">\n\t\t\t\t\t\t\t\t<div class=\"elementor-text-editor elementor-clearfix\">\n\t\t\t\tFort de plus de 25 ans d\u2019exp\u00e9rience dans la r\u00e9novation et l\u2019agencement int\u00e9rieur, je mets aujourd\u2019hui tout mon savoir-faire d\u2019architecte d\u2019int\u00e9rieur au service de vos projets. Concevoir des espaces fonctionnels, esth\u00e9tiques et personnalis\u00e9s est bien plus qu\u2019un m\u00e9tier : c\u2019est une passion.\n\nAu fil des ann\u00e9es, j\u2019ai accompagn\u00e9 de nombreux clients dans la transformation de leurs appartements et maisons, partout dans les Alpes-Maritimes. Cette solide exp\u00e9rience me permet aujourd\u2019hui de vous proposer des <a title=\"Cr\u00e9ation de cuisines sur mesure \u00e0 Nice\" href=\"\/prestations\/\"><b>solutions d\u2019am\u00e9nagement sur mesure<\/b><\/a>, pens\u00e9es dans les moindres d\u00e9tails pour donner vie \u00e0 la cuisine de vos r\u00eaves.\n\nC\u2019est dans cette continuit\u00e9 que j\u2019ai d\u00e9cid\u00e9 de cr\u00e9er <b>Kitchen Family Nice<\/b>, un\u00a0<a title=\"Cuisiniste \u00e0 Nice\" href=\"\/\" target=\"_blank\" rel=\"noopener\">magasin de cuisine \u00e0 Nice<\/a>, situ\u00e9 dans le quartier de Saint-Isidore, \u00e0 deux pas du stade Allianz Riviera. L\u2019objectif : offrir un service unique et personnalis\u00e9, loin des standards impersonnels des grandes enseignes.\t\t\t\t\t<\/div>\n\t\t\t\t\t\t<\/div>\n\t\t\t\t<\/div>\n\t\t\t\t\t\t<\/div>\n\t\t\t\t\t<\/div>\n\t\t<\/div>\n\t\t\t\t\t\t\t\t<\/div>\n\t\t\t\t\t<\/div>\n\t\t<\/section>\n\t\t\t\t<section class=\"elementor-section elementor-top-section elementor-element elementor-element-5f419890 elementor-section-content-middle elementor-section-stretched elementor-section-boxed elementor-section-height-default elementor-section-height-default\" data-id=\"5f419890\" data-element_type=\"section\" data-settings=\"{&quot;stretch_section&quot;:&quot;section-stretched&quot;}\">\n\t\t\t\t\t\t<div class=\"elementor-container elementor-column-gap-default\">\n\t\t\t\t\t\t\t<div class=\"elementor-row\">\n\t\t\t\t\t<div class=\"elementor-column elementor-col-50 elementor-top-column elementor-element elementor-element-ab97656\" data-id=\"ab97656\" data-element_type=\"column\">\n\t\t\t<div class=\"elementor-column-wrap elementor-element-populated\">\n\t\t\t\t\t\t\t<div class=\"elementor-widget-wrap\">\n\t\t\t\t\t\t<section class=\"elementor-section elementor-inner-section elementor-element elementor-element-b204721 elementor-section-boxed elementor-section-height-default elementor-section-height-default\" data-id=\"b204721\" data-element_type=\"section\">\n\t\t\t\t\t\t<div class=\"elementor-container elementor-column-gap-default\">\n\t\t\t\t\t\t\t<div class=\"elementor-row\">\n\t\t\t\t\t<div class=\"elementor-column elementor-col-100 elementor-inner-column elementor-element elementor-element-91fe9ad\" data-id=\"91fe9ad\" data-element_type=\"column\">\n\t\t\t<div class=\"elementor-column-wrap elementor-element-populated\">\n\t\t\t\t\t\t\t<div class=\"elementor-widget-wrap\">\n\t\t\t\t\t\t<div class=\"elementor-element elementor-element-df6c617 elementor-widget elementor-widget-image\" data-id=\"df6c617\" data-element_type=\"widget\" data-widget_type=\"image.default\">\n\t\t\t\t<div class=\"elementor-widget-container\">\n\t\t\t\t\t\t\t\t<div class=\"elementor-image\">\n\t\t\t\t\t\t\t\t\t\t\t\t<img width=\"500\" height=\"500\" src=\"https:\/\/kitchenfamilynice.com\/wp-content\/uploads\/2025\/06\/emma-olivier-donati-kitchen-family-nice.jpg\" class=\"attachment-large size-large\" alt=\"L&#039;\u00e9quipe Kitchen Family Nice\" srcset=\"https:\/\/kitchenfamilynice.com\/wp-content\/uploads\/2025\/06\/emma-olivier-donati-kitchen-family-nice.jpg 500w, https:\/\/kitchenfamilynice.com\/wp-content\/uploads\/2025\/06\/emma-olivier-donati-kitchen-family-nice-300x300.jpg 300w, https:\/\/kitchenfamilynice.com\/wp-content\/uploads\/2025\/06\/emma-olivier-donati-kitchen-family-nice-150x150.jpg 150w, https:\/\/kitchenfamilynice.com\/wp-content\/uploads\/2025\/06\/emma-olivier-donati-kitchen-family-nice-160x160.jpg 160w\" sizes=\"(max-width: 500px) 100vw, 500px\" \/>\t\t\t\t\t\t\t\t\t\t\t\t\t\t<\/div>\n\t\t\t\t\t\t<\/div>\n\t\t\t\t<\/div>\n\t\t\t\t<div class=\"elementor-element elementor-element-154474b elementor-widget elementor-widget-heading\" data-id=\"154474b\" data-element_type=\"widget\" data-widget_type=\"heading.default\">\n\t\t\t\t<div class=\"elementor-widget-container\">\n\t\t\t<h3 class=\"elementor-heading-title elementor-size-default\">Emma &amp; Olivier Donati<\/h3>\t\t<\/div>\n\t\t\t\t<\/div>\n\t\t\t\t\t\t<\/div>\n\t\t\t\t\t<\/div>\n\t\t<\/div>\n\t\t\t\t\t\t\t\t<\/div>\n\t\t\t\t\t<\/div>\n\t\t<\/section>\n\t\t\t\t\t\t<\/div>\n\t\t\t\t\t<\/div>\n\t\t<\/div>\n\t\t\t\t<div class=\"elementor-column elementor-col-50 elementor-top-column elementor-element elementor-element-442c1ded\" data-id=\"442c1ded\" data-element_type=\"column\">\n\t\t\t<div class=\"elementor-column-wrap elementor-element-populated\">\n\t\t\t\t\t\t\t<div class=\"elementor-widget-wrap\">\n\t\t\t\t\t\t<div class=\"elementor-element elementor-element-13b1d3eb elementor-invisible elementor-widget elementor-widget-heading\" data-id=\"13b1d3eb\" data-element_type=\"widget\" data-settings=\"{&quot;_animation&quot;:&quot;fadeInDown&quot;}\" data-widget_type=\"heading.default\">\n\t\t\t\t<div class=\"elementor-widget-container\">\n\t\t\t<h2 class=\"elementor-heading-title elementor-size-default\">Sollicitez l\u2019expertise de votre \u00e9quipe Kitchen Family<\/h2>\t\t<\/div>\n\t\t\t\t<\/div>\n\t\t\t\t<div class=\"elementor-element elementor-element-5bb42f92 elementor-invisible elementor-widget elementor-widget-text-editor\" data-id=\"5bb42f92\" data-element_type=\"widget\" id=\"txt\" data-settings=\"{&quot;_animation&quot;:&quot;fadeInUp&quot;}\" data-widget_type=\"text-editor.default\">\n\t\t\t\t<div class=\"elementor-widget-container\">\n\t\t\t\t\t\t\t\t<div class=\"elementor-text-editor elementor-clearfix\">\n\t\t\t\tGr\u00e2ce \u00e0 la polyvalence de ses architectes d\u2019int\u00e9rieur et de sa <\/span><b>conceptrice de cuisine<\/b>, <a title=\"Conceptrice de cuisines\" href=\"https:\/\/www.linkedin.com\/in\/emma-donati-0001a51a7?originalSubdomain=fr\" target=\"_blank\" rel=\"noopener\"><b>Emma Donati<\/b><\/a>, Kitchen Family Nice est en mesure de prendre en charge l\u2019ensemble de vos projets de conception sur mesure sur la C\u00f4te D\u2019Azur pour repenser l\u2019ensemble de vos pi\u00e8ces et les rendre plus modernes, plus fonctionnelles et esth\u00e9tiques.<\/span>\n\n<span style=\"font-weight: 400;\">Vous recherchez un professionnel de la menuiserie int\u00e9rieure pour agencer vos pi\u00e8ces de vie ? Expert dans la conception et la r\u00e9alisation des espaces sur mesure, votre <\/span><b>d\u00e9corateur d\u2019int\u00e9rieur pr\u00e8s de Cannes<\/b><span style=\"font-weight: 400;\"> vous offre un large choix de mat\u00e9riaux et de couleurs pour confectionner la cuisine de vos r\u00eaves.<\/span>\n\n<span style=\"font-weight: 400;\">Travaillant en collaboration avec des fournisseurs de renom comme <\/span><a href=\"https:\/\/www.burger-kuechen.de\/\"><b>Burger<\/b><\/a><span style=\"font-weight: 400;\">, cuisiniste d\u2019entr\u00e9e de gamme, puis <\/span><a href=\"https:\/\/www.bauformat.de\/\"><b>Bauformat<\/b><\/a><span style=\"font-weight: 400;\"> fournisseurs de cuisines de qualit\u00e9 sup\u00e9rieure, votre magasin peu vous fournir \u00e9galement l\u2019\u00e9lectrom\u00e9nager avec des marques partenaires comme Schneider, Bosch, Miele, Smeg\u2026<\/span>\t\t\t\t\t<\/div>\n\t\t\t\t\t\t<\/div>\n\t\t\t\t<\/div>\n\t\t\t\t\t\t<\/div>\n\t\t\t\t\t<\/div>\n\t\t<\/div>\n\t\t\t\t\t\t\t\t<\/div>\n\t\t\t\t\t<\/div>\n\t\t<\/section>\n\t\t\t\t<section class=\"elementor-section elementor-top-section elementor-element elementor-element-0e23745 elementor-section-content-middle elementor-section-stretched elementor-section-boxed elementor-section-height-default elementor-section-height-default\" data-id=\"0e23745\" data-element_type=\"section\" data-settings=\"{&quot;stretch_section&quot;:&quot;section-stretched&quot;,&quot;background_background&quot;:&quot;classic&quot;}\">\n\t\t\t\t\t\t<div class=\"elementor-container elementor-column-gap-default\">\n\t\t\t\t\t\t\t<div class=\"elementor-row\">\n\t\t\t\t\t<div class=\"elementor-column elementor-col-50 elementor-top-column elementor-element elementor-element-586cc9c\" data-id=\"586cc9c\" data-element_type=\"column\">\n\t\t\t<div class=\"elementor-column-wrap elementor-element-populated\">\n\t\t\t\t\t\t\t<div class=\"elementor-widget-wrap\">\n\t\t\t\t\t\t<div class=\"elementor-element elementor-element-717392c elementor-invisible elementor-widget elementor-widget-heading\" data-id=\"717392c\" data-element_type=\"widget\" data-settings=\"{&quot;_animation&quot;:&quot;fadeInDown&quot;}\" data-widget_type=\"heading.default\">\n\t\t\t\t<div class=\"elementor-widget-container\">\n\t\t\t<h2 class=\"elementor-heading-title elementor-size-default\">Un cuisiniste ind\u00e9pendant \u00e0 Nice, membre d\u2019un r\u00e9seau reconnu<\/h2>\t\t<\/div>\n\t\t\t\t<\/div>\n\t\t\t\t<div class=\"elementor-element elementor-element-ebe3600 elementor-invisible elementor-widget elementor-widget-text-editor\" data-id=\"ebe3600\" data-element_type=\"widget\" data-settings=\"{&quot;_animation&quot;:&quot;fadeInUp&quot;}\" data-widget_type=\"text-editor.default\">\n\t\t\t\t<div class=\"elementor-widget-container\">\n\t\t\t\t\t\t\t\t<div class=\"elementor-text-editor elementor-clearfix\">\n\t\t\t\t<p><b>Kitchen Family Nice<\/b>, c\u2019est bien plus qu\u2019un simple <b>magasin de cuisine \u00e0 Nice<\/b>. C\u2019est l\u2019alliance entre un artisan cuisiniste local engag\u00e9 pour ses clients, et un groupe familial avec plus d\u2019un si\u00e8cle d\u2019histoire.<\/p><p>L\u2019entreprise Kitchen Family a vu le jour en Allemagne en 1917. Depuis, trois g\u00e9n\u00e9rations se sont succ\u00e9d\u00e9es pour faire grandir cette soci\u00e9t\u00e9 familiale, devenue aujourd\u2019hui un groupe pr\u00e9sent \u00e0 l\u2019international, avec plus de 1 000 collaborateurs \u00e0 travers l\u2019Europe.<\/p><p><\/p><p>C\u2019est apr\u00e8s avoir visit\u00e9 plusieurs salons professionnels de l\u2019ameublement et de la cuisine, et compar\u00e9 de nombreux fabricants, que la d\u00e9cision de rejoindre Kitchen Family s\u2019est impos\u00e9e comme une \u00e9vidence.<\/p><p>Bien que <b>Kitchen Family Nice<\/b> soit un magasin ind\u00e9pendant de cuisines, nous b\u00e9n\u00e9ficions du soutien pr\u00e9cieux de la maison m\u00e8re Kitchen Family ainsi que du r\u00e9seau Der Kreis. Cette double force nous offre une logistique performante, une \u00e9quipe pr\u00e9sente \u00e0 chaque \u00e9tape \u2013 de la conception \u00e0 la livraison \u2013 et un engagement fort : vous offrir la meilleure qualit\u00e9 de fabrication au prix le plus juste.<\/p>\t\t\t\t\t<\/div>\n\t\t\t\t\t\t<\/div>\n\t\t\t\t<\/div>\n\t\t\t\t\t\t<\/div>\n\t\t\t\t\t<\/div>\n\t\t<\/div>\n\t\t\t\t<div class=\"elementor-column elementor-col-50 elementor-top-column elementor-element elementor-element-c073745\" data-id=\"c073745\" data-element_type=\"column\">\n\t\t\t<div class=\"elementor-column-wrap elementor-element-populated\">\n\t\t\t\t\t\t\t<div class=\"elementor-widget-wrap\">\n\t\t\t\t\t\t<div class=\"elementor-element elementor-element-821c6e9 elementor-widget elementor-widget-image\" data-id=\"821c6e9\" data-element_type=\"widget\" data-widget_type=\"image.default\">\n\t\t\t\t<div class=\"elementor-widget-container\">\n\t\t\t\t\t\t\t\t<div class=\"elementor-image\">\n\t\t\t\t\t\t\t\t\t\t\t\t<img width=\"750\" height=\"563\" src=\"https:\/\/kitchenfamilynice.com\/wp-content\/uploads\/2023\/12\/kitchen-family-truck.jpg\" class=\"attachment-large size-large\" alt=\"\" srcset=\"https:\/\/kitchenfamilynice.com\/wp-content\/uploads\/2023\/12\/kitchen-family-truck.jpg 800w, https:\/\/kitchenfamilynice.com\/wp-content\/uploads\/2023\/12\/kitchen-family-truck-300x225.jpg 300w, https:\/\/kitchenfamilynice.com\/wp-content\/uploads\/2023\/12\/kitchen-family-truck-768x576.jpg 768w, https:\/\/kitchenfamilynice.com\/wp-content\/uploads\/2023\/12\/kitchen-family-truck-600x450.jpg 600w\" sizes=\"(max-width: 750px) 100vw, 750px\" \/>\t\t\t\t\t\t\t\t\t\t\t\t\t\t<\/div>\n\t\t\t\t\t\t<\/div>\n\t\t\t\t<\/div>\n\t\t\t\t\t\t<\/div>\n\t\t\t\t\t<\/div>\n\t\t<\/div>\n\t\t\t\t\t\t\t\t<\/div>\n\t\t\t\t\t<\/div>\n\t\t<\/section>\n\t\t\t\t<section class=\"elementor-section elementor-top-section elementor-element elementor-element-213514b elementor-section-content-middle elementor-section-stretched elementor-section-boxed elementor-section-height-default elementor-section-height-default\" data-id=\"213514b\" data-element_type=\"section\" data-settings=\"{&quot;stretch_section&quot;:&quot;section-stretched&quot;,&quot;background_background&quot;:&quot;classic&quot;}\">\n\t\t\t\t\t\t<div class=\"elementor-container elementor-column-gap-default\">\n\t\t\t\t\t\t\t<div class=\"elementor-row\">\n\t\t\t\t\t<div class=\"elementor-column elementor-col-100 elementor-top-column elementor-element elementor-element-02e28bf\" data-id=\"02e28bf\" data-element_type=\"column\">\n\t\t\t<div class=\"elementor-column-wrap elementor-element-populated\">\n\t\t\t\t\t\t\t<div class=\"elementor-widget-wrap\">\n\t\t\t\t\t\t<div class=\"elementor-element elementor-element-f842aff elementor-invisible elementor-widget elementor-widget-text-editor\" data-id=\"f842aff\" data-element_type=\"widget\" data-settings=\"{&quot;_animation&quot;:&quot;fadeInUp&quot;}\" data-widget_type=\"text-editor.default\">\n\t\t\t\t<div class=\"elementor-widget-container\">\n\t\t\t\t\t\t\t\t<div class=\"elementor-text-editor elementor-clearfix\">\n\t\t\t\t<p>Bas\u00e9 \u00e0 Nice Saint-Isidore, votre <b>cuisiniste dans les Alpes-Maritimes<\/b> intervient sur l\u2019ensemble du d\u00e9partement : de Villefranche-sur-Mer \u00e0 Saint-Laurent-du-Var, en passant par Beaulieu, Saint-Jean-Cap-Ferrat, ou encore les communes du Moyen et Haut Pays comme Carros, Saint-Jeannet, Castagniers ou la Vall\u00e9e de la V\u00e9subie.<\/p><p>Nous couvrons \u00e9galement une partie du Var, pour accompagner tous ceux qui souhaitent cr\u00e9er une cuisine sur mesure avec un <b>artisan cuisiniste de confiance<\/b>.<\/p>\t\t\t\t\t<\/div>\n\t\t\t\t\t\t<\/div>\n\t\t\t\t<\/div>\n\t\t\t\t\t\t<\/div>\n\t\t\t\t\t<\/div>\n\t\t<\/div>\n\t\t\t\t\t\t\t\t<\/div>\n\t\t\t\t\t<\/div>\n\t\t<\/section>\n\t\t\t\t<section class=\"elementor-section elementor-top-section elementor-element elementor-element-60267faa elementor-section-content-middle elementor-section-stretched elementor-section-boxed elementor-section-height-default elementor-section-height-default\" data-id=\"60267faa\" data-element_type=\"section\" data-settings=\"{&quot;stretch_section&quot;:&quot;section-stretched&quot;}\">\n\t\t\t\t\t\t<div class=\"elementor-container elementor-column-gap-default\">\n\t\t\t\t\t\t\t<div class=\"elementor-row\">\n\t\t\t\t\t<div class=\"elementor-column elementor-col-100 elementor-top-column elementor-element elementor-element-72fd1da0\" data-id=\"72fd1da0\" data-element_type=\"column\">\n\t\t\t<div class=\"elementor-column-wrap elementor-element-populated\">\n\t\t\t\t\t\t\t<div class=\"elementor-widget-wrap\">\n\t\t\t\t\t\t<div class=\"elementor-element elementor-element-4f2855d1 elementor-widget-divider--view-line elementor-invisible elementor-widget elementor-widget-divider\" data-id=\"4f2855d1\" data-element_type=\"widget\" data-settings=\"{&quot;_animation&quot;:&quot;fadeInLeft&quot;}\" data-widget_type=\"divider.default\">\n\t\t\t\t<div class=\"elementor-widget-container\">\n\t\t\t\t\t<div class=\"elementor-divider\">\n\t\t\t<span class=\"elementor-divider-separator\">\n\t\t\t\t\t\t<\/span>\n\t\t<\/div>\n\t\t\t\t<\/div>\n\t\t\t\t<\/div>\n\t\t\t\t<div class=\"elementor-element elementor-element-25559de4 elementor-invisible elementor-widget elementor-widget-text-editor\" data-id=\"25559de4\" data-element_type=\"widget\" id=\"txt\" data-settings=\"{&quot;_animation&quot;:&quot;fadeInUp&quot;}\" data-widget_type=\"text-editor.default\">\n\t\t\t\t<div class=\"elementor-widget-container\">\n\t\t\t\t\t\t\t\t<div class=\"elementor-text-editor elementor-clearfix\">\n\t\t\t\t<p><b>Besoin d\u2019un cuisiniste \u00e0 Nice ou dans le 06<\/b> ? <a title=\"\" prendre=\"\" rendez-vous=\"\" avec=\"\" un=\"\" cuisiniste=\"\" sur=\"\" nice=\"\" href=\"\/contactez-nous\/\">Contactez-nous<\/a>, on vous accompagne pas \u00e0 pas.<\/p>\t\t\t\t\t<\/div>\n\t\t\t\t\t\t<\/div>\n\t\t\t\t<\/div>\n\t\t\t\t<div class=\"elementor-element elementor-element-57c94241 elementor-widget-divider--view-line elementor-invisible elementor-widget elementor-widget-divider\" data-id=\"57c94241\" data-element_type=\"widget\" data-settings=\"{&quot;_animation&quot;:&quot;fadeInRight&quot;}\" data-widget_type=\"divider.default\">\n\t\t\t\t<div class=\"elementor-widget-container\">\n\t\t\t\t\t<div class=\"elementor-divider\">\n\t\t\t<span class=\"elementor-divider-separator\">\n\t\t\t\t\t\t<\/span>\n\t\t<\/div>\n\t\t\t\t<\/div>\n\t\t\t\t<\/div>\n\t\t\t\t\t\t<\/div>\n\t\t\t\t\t<\/div>\n\t\t<\/div>\n\t\t\t\t\t\t\t\t<\/div>\n\t\t\t\t\t<\/div>\n\t\t<\/section>\n\t\t\t\t\t\t<\/div>\n\t\t\t\t\t\t<\/div>\n\t\t\t\t\t<\/div>\n\t\t","protected":false},"excerpt":{"rendered":"<p>Kitchen Family Nice : une entreprise familiale conceptrice de cuisines \u00e0 Nice Fort de plus de 25 ans d\u2019exp\u00e9rience dans la r\u00e9novation et l\u2019agencement int\u00e9rieur, je mets aujourd\u2019hui tout mon savoir-faire d\u2019architecte d\u2019int\u00e9rieur au service de vos projets. Concevoir des espaces fonctionnels, esth\u00e9tiques et personnalis\u00e9s est bien plus qu\u2019un m\u00e9tier [&hellip;]<\/p>\n","protected":false},"author":27,"featured_media":0,"parent":0,"menu_order":1,"comment_status":"closed","ping_status":"closed","template":"","meta":[],"acf":[],"aioseo_notices":[],"_links":{"self":[{"href":"https:\/\/kitchenfamilynice.com\/nov-apijson\/wp\/v2\/pages\/1627"}],"collection":[{"href":"https:\/\/kitchenfamilynice.com\/nov-apijson\/wp\/v2\/pages"}],"about":[{"href":"https:\/\/kitchenfamilynice.com\/nov-apijson\/wp\/v2\/types\/page"}],"author":[{"embeddable":true,"href":"https:\/\/kitchenfamilynice.com\/nov-apijson\/wp\/v2\/users\/27"}],"replies":[{"embeddable":true,"href":"https:\/\/kitchenfamilynice.com\/nov-apijson\/wp\/v2\/comments?post=1627"}],"version-history":[{"count":93,"href":"https:\/\/kitchenfamilynice.com\/nov-apijson\/wp\/v2\/pages\/1627\/revisions"}],"predecessor-version":[{"id":3733,"href":"https:\/\/kitchenfamilynice.com\/nov-apijson\/wp\/v2\/pages\/1627\/revisions\/3733"}],"wp:attachment":[{"href":"https:\/\/kitchenfamilynice.com\/nov-apijson\/wp\/v2\/media?parent=1627"}],"curies":[{"name":"wp","href":"https:\/\/api.w.org\/{rel}","templated":true}]}}